{"id":2939,"date":"2021-08-20T16:18:47","date_gmt":"2021-08-20T14:18:47","guid":{"rendered":"https:\/\/www.les-bois.fr\/?page_id=2939"},"modified":"2021-08-24T11:21:35","modified_gmt":"2021-08-24T09:21:35","slug":"mentions-legales","status":"publish","type":"page","link":"https:\/\/www.les-bois.fr\/fr\/mentions-legales\/","title":{"rendered":"Mentions l\u00e9gales"},"content":{"rendered":"<section class=\"wpb-content-wrapper\"><p>[vc_row][vc_column][vc_column_text]<\/p>\n<div class=\"column_attr clearfix\">\n<p>Le pr\u00e9sent document constitue les conditions g\u00e9n\u00e9rales d\u2019utilisation du site accessible sous l\u2019adresse \u00ab https:\/\/www.les-bois.fr \u00bb (ci-apr\u00e8s d\u00e9nomm\u00e9 le \u00ab Site \u00bb). Design et r\u00e9alisation, Le Cyclope pour le compte de la soci\u00e9t\u00e9 Les Bois. En acc\u00e9dant ou en utilisant ce Site, vous \u00eates r\u00e9put\u00e9 accepter ces conditions g\u00e9n\u00e9rales et nous nous r\u00e9servons le droit de refuser l\u2019acc\u00e8s \u00e0 tout ou partie du Site \u00e0 tout utilisateur qui ne les respecterait pas. Vous vous engagez par ailleurs \u00e0 ne pas adresser ou transmettre des textes ou images contraires \u00e0 la loi, ou susceptibles de choquer la sensibilit\u00e9, notamment par un contenu haineux, pornographique, ou incitatif \u00e0 des comportements du m\u00eame ordre. Les Bois se r\u00e9serve le droit de prendre toute mesure, ou d\u2019engager toute action qu\u2019elle estime n\u00e9cessaire au cas o\u00f9 son Site serait utilis\u00e9 pour diffuser des \u00e9l\u00e9ments de cette nature. Nous vous informons que le Site est soumis au droit fran\u00e7ais, aux juridictions fran\u00e7aises et qu\u2019il a pour langue officielle le fran\u00e7ais.<\/p>\n<h3>PROPRI\u00c9T\u00c9 INTELLECTUELLE<\/h3>\n<p>Le Site et chacun des \u00e9l\u00e9ments qui le composent (les marques, graphismes, photographies) rel\u00e8vent de la l\u00e9gislation fran\u00e7aise et internationale notamment celle relative au droit d\u2019auteur, aux bases de donn\u00e9es et \u00e0 la propri\u00e9t\u00e9 intellectuelle, en particulier, la marque Les Bois et son logo. Toutes les autres marques cit\u00e9es sont la propri\u00e9t\u00e9 de leurs titulaires respectifs. Toute reproduction, repr\u00e9sentation, publication, transmission, ou plus g\u00e9n\u00e9ralement toute exploitation non autoris\u00e9e du Site et\/ou de ses \u00e9l\u00e9ments engage votre responsabilit\u00e9 et est susceptible d\u2019entra\u00eener des poursuites judiciaires, notamment pour contrefa\u00e7on.<\/p>\n<h3>RESPONSABILIT\u00c9<\/h3>\n<p>Le Site peut contenir des liens vers d\u2019autres sites que nous n\u2019exploitons pas. Nous ne pouvons en aucune mani\u00e8re \u00eatre tenus responsables de la mise \u00e0 disposition de ces liens permettant l\u2019acc\u00e8s \u00e0 ces sites et sources externes, et ne pouvons supporter aucune responsabilit\u00e9 quant au contenu, publicit\u00e9s, produits, services ou tout autre mat\u00e9riel disponible sur ou \u00e0 partir de ces sites ou sources externes qui ne sont ni v\u00e9rifi\u00e9es ni approuv\u00e9es par nos \u00e9quipes. Nous nous engageons \u00e0 assurer nos meilleurs efforts pour offrir des informations actualis\u00e9es et exactes. Cependant, nous ne saurions \u00eatre tenus pour responsables d\u2019erreurs, d\u2019omissions ou des r\u00e9sultats qui pourraient \u00eatre obtenus par un mauvais usage de ces informations. Nous nous r\u00e9servons le droit de les corriger, d\u00e8s que ces erreurs sont port\u00e9es \u00e0 notre connaissance et, plus g\u00e9n\u00e9ralement, de modifier, \u00e0 tout moment, sans pr\u00e9avis, tout ou partie du Site ainsi que ses conditions d\u2019utilisation, sans que notre responsabilit\u00e9 puisse \u00eatre engag\u00e9e de ce fait. Le t\u00e9l\u00e9chargement de tous mat\u00e9riels lors de l\u2019utilisation du service sera \u00e0 vos risques et p\u00e9rils. Vous serez seul responsable pour tout dommage subi par votre ordinateur ou toutes pertes de donn\u00e9es cons\u00e9cutives \u00e0 ce t\u00e9l\u00e9chargement. Plus g\u00e9n\u00e9ralement, Les Bois ne pourra en aucun cas \u00eatre responsable en cas de dommages directs et\/ou indirects r\u00e9sultant de l\u2019utilisation de ce Site.<\/p>\n<h3>DISPONIBILIT\u00c9 DU SITE WEB<\/h3>\n<p>Il est techniquement impossible de fournir le Site exempt de tout d\u00e9faut et ces d\u00e9fauts peuvent conduire \u00e0 l\u2019indisponibilit\u00e9 temporaire du Site; le fonctionnement du Site peut \u00eatre affect\u00e9 par des \u00e9v\u00e9nements et\/ou des \u00e9l\u00e9ments que nous ne contr\u00f4lons pas, tels que par exemple, des moyens de transmission et de communication entre vous et nous et entre nous et d\u2019autres r\u00e9seaux ; nous et\/ou nos fournisseurs pourrons, \u00e0 tout moment, modifier ou interrompre temporairement ou de fa\u00e7on permanente tout ou partie du Site pour effectuer des op\u00e9rations de maintenance et\/ou effectuer des am\u00e9liorations et\/ou des modifications sur le Site. Nous vous informerons, si possible, de chaque modification\/interruption des services disponibles sur le Site. Nous ne sommes pas responsables de toute modification, suspension ou interruption du Site.<\/p>\n<h3>\u00c9DITEUR<\/h3>\n<p>Le Cyclope<br \/>\nSi\u00e8ge social : 50 cours de la Martinique 33300 BORDEAUX<\/p>\n<h3>H\u00c9BERGEUR<\/h3>\n<p>OWO OVH whois offuscator<br \/>\n2 rue kellermann<br \/>\n59100 roubaix<br \/>\nSIRET 42476141900045<br \/>\nCode APE : 6201Z<\/p>\n<h3>ENTREPRISE<\/h3>\n<p>D\u00e9nomination : UNITED CARE<br \/>\nForme juridique : SARL<br \/>\nSi\u00e8ge social : 22 rue Walter Poupot 33000 Bordeaux<br \/>\nAdresse de courrier \u00e9lectronique : les.bois.paris@gmail.com<br \/>\nNum\u00e9ro de t\u00e9l\u00e9phone : 06 65 73 42 47<br \/>\nSIREN : 898102272<br \/>\nCode APE : 2042Z<br \/>\nN\u00b0 de TVA Intracommunautaire : FR 05898102272<br \/>\nMontant du capital social : 10 000\u20ac<\/p>\n<\/div>\n<p>[\/vc_column_text][\/vc_column][\/vc_row]<\/p>\n<\/section>","protected":false},"excerpt":{"rendered":"<p>[vc_row][vc_column][vc_column_text] Le pr\u00e9sent document constitue les conditions g\u00e9n\u00e9rales d\u2019utilisation du site accessible sous l\u2019adresse \u00ab&hellip;<\/p>\n","protected":false},"author":2,"featured_media":2595,"parent":0,"menu_order":0,"comment_status":"closed","ping_status":"closed","template":"","meta":{"inline_featured_image":false,"footnotes":""},"class_list":["post-2939","page","type-page","status-publish","has-post-thumbnail","hentry"],"acf":[],"yoast_head":"<!-- This site is optimized with the Yoast SEO plugin v19.13 - https:\/\/yoast.com\/wordpress\/plugins\/seo\/ -->\n<title>Mentions l\u00e9gales - Les bois<\/title>\n<meta name=\"robots\" content=\"index, follow, max-snippet:-1, max-image-preview:large, max-video-preview:-1\" \/>\n<link rel=\"canonical\" href=\"https:\/\/www.les-bois.fr\/fr\/mentions-legales\/\" \/>\n<meta property=\"og:locale\" content=\"fr_FR\" \/>\n<meta property=\"og:type\" content=\"article\" \/>\n<meta property=\"og:title\" content=\"Mentions l\u00e9gales - Les bois\" \/>\n<meta property=\"og:description\" content=\"[vc_row][vc_column][vc_column_text] Le pr\u00e9sent document constitue les conditions g\u00e9n\u00e9rales d\u2019utilisation du site accessible sous l\u2019adresse \u00ab&hellip;\" \/>\n<meta property=\"og:url\" content=\"https:\/\/www.les-bois.fr\/fr\/mentions-legales\/\" \/>\n<meta property=\"og:site_name\" content=\"Les bois\" \/>\n<meta property=\"article:modified_time\" content=\"2021-08-24T09:21:35+00:00\" \/>\n<meta property=\"og:image\" content=\"https:\/\/www.les-bois.fr\/wp-content\/uploads\/2021\/04\/erreur-404.jpg\" \/>\n\t<meta property=\"og:image:width\" content=\"1920\" \/>\n\t<meta property=\"og:image:height\" content=\"1350\" \/>\n\t<meta property=\"og:image:type\" content=\"image\/jpeg\" \/>\n<meta name=\"twitter:card\" content=\"summary_large_image\" \/>\n<meta name=\"twitter:label1\" content=\"Dur\u00e9e de lecture estim\u00e9e\" \/>\n\t<meta name=\"twitter:data1\" content=\"4 minutes\" \/>\n<script type=\"application\/ld+json\" class=\"yoast-schema-graph\">{\"@context\":\"https:\/\/schema.org\",\"@graph\":[{\"@type\":\"WebPage\",\"@id\":\"https:\/\/www.les-bois.fr\/fr\/mentions-legales\/\",\"url\":\"https:\/\/www.les-bois.fr\/fr\/mentions-legales\/\",\"name\":\"Mentions l\u00e9gales - Les bois\",\"isPartOf\":{\"@id\":\"https:\/\/www.les-bois.fr\/#website\"},\"datePublished\":\"2021-08-20T14:18:47+00:00\",\"dateModified\":\"2021-08-24T09:21:35+00:00\",\"breadcrumb\":{\"@id\":\"https:\/\/www.les-bois.fr\/fr\/mentions-legales\/#breadcrumb\"},\"inLanguage\":\"fr-FR\",\"potentialAction\":[{\"@type\":\"ReadAction\",\"target\":[\"https:\/\/www.les-bois.fr\/fr\/mentions-legales\/\"]}]},{\"@type\":\"BreadcrumbList\",\"@id\":\"https:\/\/www.les-bois.fr\/fr\/mentions-legales\/#breadcrumb\",\"itemListElement\":[{\"@type\":\"ListItem\",\"position\":1,\"name\":\"Home\",\"item\":\"https:\/\/www.les-bois.fr\/fr\/\"},{\"@type\":\"ListItem\",\"position\":2,\"name\":\"Mentions l\u00e9gales\"}]},{\"@type\":\"WebSite\",\"@id\":\"https:\/\/www.les-bois.fr\/#website\",\"url\":\"https:\/\/www.les-bois.fr\/\",\"name\":\"Les bois\",\"description\":\"Conscious skincare \/ From trees to humankind\",\"potentialAction\":[{\"@type\":\"SearchAction\",\"target\":{\"@type\":\"EntryPoint\",\"urlTemplate\":\"https:\/\/www.les-bois.fr\/?s={search_term_string}\"},\"query-input\":\"required name=search_term_string\"}],\"inLanguage\":\"fr-FR\"}]}<\/script>\n<!-- \/ Yoast SEO plugin. -->","yoast_head_json":{"title":"Mentions l\u00e9gales - Les bois","robots":{"index":"index","follow":"follow","max-snippet":"max-snippet:-1","max-image-preview":"max-image-preview:large","max-video-preview":"max-video-preview:-1"},"canonical":"https:\/\/www.les-bois.fr\/fr\/mentions-legales\/","og_locale":"fr_FR","og_type":"article","og_title":"Mentions l\u00e9gales - Les bois","og_description":"[vc_row][vc_column][vc_column_text] Le pr\u00e9sent document constitue les conditions g\u00e9n\u00e9rales d\u2019utilisation du site accessible sous l\u2019adresse \u00ab&hellip;","og_url":"https:\/\/www.les-bois.fr\/fr\/mentions-legales\/","og_site_name":"Les bois","article_modified_time":"2021-08-24T09:21:35+00:00","og_image":[{"width":1920,"height":1350,"url":"https:\/\/www.les-bois.fr\/wp-content\/uploads\/2021\/04\/erreur-404.jpg","type":"image\/jpeg"}],"twitter_card":"summary_large_image","twitter_misc":{"Dur\u00e9e de lecture estim\u00e9e":"4 minutes"},"schema":{"@context":"https:\/\/schema.org","@graph":[{"@type":"WebPage","@id":"https:\/\/www.les-bois.fr\/fr\/mentions-legales\/","url":"https:\/\/www.les-bois.fr\/fr\/mentions-legales\/","name":"Mentions l\u00e9gales - Les bois","isPartOf":{"@id":"https:\/\/www.les-bois.fr\/#website"},"datePublished":"2021-08-20T14:18:47+00:00","dateModified":"2021-08-24T09:21:35+00:00","breadcrumb":{"@id":"https:\/\/www.les-bois.fr\/fr\/mentions-legales\/#breadcrumb"},"inLanguage":"fr-FR","potentialAction":[{"@type":"ReadAction","target":["https:\/\/www.les-bois.fr\/fr\/mentions-legales\/"]}]},{"@type":"BreadcrumbList","@id":"https:\/\/www.les-bois.fr\/fr\/mentions-legales\/#breadcrumb","itemListElement":[{"@type":"ListItem","position":1,"name":"Home","item":"https:\/\/www.les-bois.fr\/fr\/"},{"@type":"ListItem","position":2,"name":"Mentions l\u00e9gales"}]},{"@type":"WebSite","@id":"https:\/\/www.les-bois.fr\/#website","url":"https:\/\/www.les-bois.fr\/","name":"Les bois","description":"Conscious skincare \/ From trees to humankind","potentialAction":[{"@type":"SearchAction","target":{"@type":"EntryPoint","urlTemplate":"https:\/\/www.les-bois.fr\/?s={search_term_string}"},"query-input":"required name=search_term_string"}],"inLanguage":"fr-FR"}]}},"_links":{"self":[{"href":"https:\/\/www.les-bois.fr\/fr\/wp-json\/wp\/v2\/pages\/2939","targetHints":{"allow":["GET"]}}],"collection":[{"href":"https:\/\/www.les-bois.fr\/fr\/wp-json\/wp\/v2\/pages"}],"about":[{"href":"https:\/\/www.les-bois.fr\/fr\/wp-json\/wp\/v2\/types\/page"}],"author":[{"embeddable":true,"href":"https:\/\/www.les-bois.fr\/fr\/wp-json\/wp\/v2\/users\/2"}],"replies":[{"embeddable":true,"href":"https:\/\/www.les-bois.fr\/fr\/wp-json\/wp\/v2\/comments?post=2939"}],"version-history":[{"count":6,"href":"https:\/\/www.les-bois.fr\/fr\/wp-json\/wp\/v2\/pages\/2939\/revisions"}],"predecessor-version":[{"id":2960,"href":"https:\/\/www.les-bois.fr\/fr\/wp-json\/wp\/v2\/pages\/2939\/revisions\/2960"}],"wp:featuredmedia":[{"embeddable":true,"href":"https:\/\/www.les-bois.fr\/fr\/wp-json\/wp\/v2\/media\/2595"}],"wp:attachment":[{"href":"https:\/\/www.les-bois.fr\/fr\/wp-json\/wp\/v2\/media?parent=2939"}],"curies":[{"name":"wp","href":"https:\/\/api.w.org\/{rel}","templated":true}]}}